{"id":129215,"date":"2025-01-01T18:30:07","date_gmt":"2025-01-01T18:30:07","guid":{"rendered":"https:\/\/ruumistruumi.ee\/pood\/peenrakast-pp-kivihall-100x43x35-cm\/"},"modified":"2025-08-21T02:14:42","modified_gmt":"2025-08-21T02:14:42","slug":"peenrakast-pp-kivihall-100x43x35-cm","status":"publish","type":"product","link":"https:\/\/blankpage.ee\/_ruumist-ruumi\/pood\/peenrakast-pp-kivihall-100x43x35-cm\/","title":{"rendered":"Peenrakast, PP, kivihall, 100x43x35 cm"},"content":{"rendered":"<p>N\u00e4idake elegantsel ja praktilisel aia taimealusel oma lemmiklilli v\u00f5i -taimi! Taimelava on valmistatud tugevast UV-, ilmastiku- ja pakasekindlast PPst (pol\u00fcprop\u00fcleenist) ning sobib kasutamiseks nii toas kui \u00f5ues. Taimekast on piisavalt lai ja s\u00fcgav, et mahutada suurt hulka mulda ning pakkuda k\u00fcllaldaselt ruumi taimede, k\u00f6\u00f6giviljade, maitsetaimede ja lillede jaoks.<\/p>\n<ul>\n<li>V\u00e4rv: kivihall<\/li>\n<li>Materjal: PP (pol\u00fcprop\u00fcleen)<\/li>\n<li>M\u00f5\u00f5tmed: 100 x 43 x 35 cm (P x L x K)<\/li>\n<li>Maht: 80 l<\/li>\n<li>Sobilik nii tuppa kui ka \u00f5ue<\/li>\n<li>UV-, ilmastiku- ja pakasekindel<\/li>\n<li>\u00c4ravoolu v\u00f5imaldava p\u00f5hjaga<\/li>\n<li>Vajalik kokkupanek: jah<\/li>\n<\/ul>\n","protected":false},"excerpt":{"rendered":"<p>N\u00e4idake elegantsel ja praktilisel aia taimealusel oma lemmiklilli v\u00f5i -taimi! Taimelava on valmistatud tugevast UV-, ilmastiku- ja pakasekindlast PPst (pol\u00fcprop\u00fcleenist) ning sobib kasutamiseks nii toas kui \u00f5ues. Taimekast on piisavalt lai ja s\u00fcgav, et mahutada suurt hulka mulda ning pakkuda k\u00fcllaldaselt ruumi taimede, k\u00f6\u00f6giviljade, maitsetaimede ja lillede jaoks. V\u00e4rv: kivihall Materjal: PP (pol\u00fcprop\u00fcleen) M\u00f5\u00f5tmed: 100 [&hellip;]<\/p>\n","protected":false},"featured_media":129216,"comment_status":"open","ping_status":"open","template":"","meta":[],"product_brand":[],"product_cat":[1762],"product_tag":[],"class_list":{"0":"post-129215","1":"product","2":"type-product","3":"status-publish","4":"has-post-thumbnail","6":"product_cat-taimekastid-ja-potid","7":"product_shipping_class-vidaxl","8":"pa_varv-hall","10":"first","11":"outofstock","12":"taxable","13":"shipping-taxable","14":"purchasable","15":"product-type-simple"},"_links":{"self":[{"href":"https:\/\/blankpage.ee\/_ruumist-ruumi\/wp-json\/wp\/v2\/product\/129215","targetHints":{"allow":["GET"]}}],"collection":[{"href":"https:\/\/blankpage.ee\/_ruumist-ruumi\/wp-json\/wp\/v2\/product"}],"about":[{"href":"https:\/\/blankpage.ee\/_ruumist-ruumi\/wp-json\/wp\/v2\/types\/product"}],"replies":[{"embeddable":true,"href":"https:\/\/blankpage.ee\/_ruumist-ruumi\/wp-json\/wp\/v2\/comments?post=129215"}],"wp:featuredmedia":[{"embeddable":true,"href":"https:\/\/blankpage.ee\/_ruumist-ruumi\/wp-json\/wp\/v2\/media\/129216"}],"wp:attachment":[{"href":"https:\/\/blankpage.ee\/_ruumist-ruumi\/wp-json\/wp\/v2\/media?parent=129215"}],"wp:term":[{"taxonomy":"product_brand","embeddable":true,"href":"https:\/\/blankpage.ee\/_ruumist-ruumi\/wp-json\/wp\/v2\/product_brand?post=129215"},{"taxonomy":"product_cat","embeddable":true,"href":"https:\/\/blankpage.ee\/_ruumist-ruumi\/wp-json\/wp\/v2\/product_cat?post=129215"},{"taxonomy":"product_tag","embeddable":true,"href":"https:\/\/blankpage.ee\/_ruumist-ruumi\/wp-json\/wp\/v2\/product_tag?post=129215"}],"curies":[{"name":"wp","href":"https:\/\/api.w.org\/{rel}","templated":true}]}}