{"id":21091,"date":"2024-12-05T12:30:15","date_gmt":"2024-12-05T12:30:15","guid":{"rendered":"https:\/\/ruumistruumi.ee\/pood\/pimendavad-kardinad-konksudega-2-tk-antratsiithall-140-x-225-cm-2\/"},"modified":"2025-08-21T02:17:16","modified_gmt":"2025-08-21T02:17:16","slug":"pimendavad-kardinad-konksudega-2-tk-antratsiithall-140-x-225-cm-2","status":"publish","type":"product","link":"https:\/\/blankpage.ee\/_ruumist-ruumi\/pood\/pimendavad-kardinad-konksudega-2-tk-antratsiithall-140-x-225-cm-2\/","title":{"rendered":"Pimendavad kardinad konksudega 2 tk antratsiithall 140 x 225 cm"},"content":{"rendered":"<p>Elegantsed kardinad n\u00e4evad nii elutoas, magamistoas, kontoris kui ka mujal suurep\u00e4rased v\u00e4lja ja pakuvad privaatsust. Kardin on lihtsa ja ajatu disainiga. T\u00e4nu metallist konksudele saab kardinaid h\u00f5lpsalt kardinapuule riputada. Seemisnahkse pinnaga kardinad on valmistatud esmaklassilisest pol\u00fcestermaterjalist ning need on masinpestavad.  Komplekti kuulub kaks kardinat. Pange t\u00e4hele, et kardinapuu ei kuulu komplekti.<\/p>\n<ul>\n<li>V\u00e4rvus: antratsiithall<\/li>\n<li>Suurus: 140 x 225 cm (L x K)<\/li>\n<li>Materjal: seemisnahkse pinnaga 100% pol\u00fcester<\/li>\n<li>Metallist konksudega<\/li>\n<li>Komplekti kuulub 2 kardinat<\/li>\n<\/ul>\n","protected":false},"excerpt":{"rendered":"<p>Elegantsed kardinad n\u00e4evad nii elutoas, magamistoas, kontoris kui ka mujal suurep\u00e4rased v\u00e4lja ja pakuvad privaatsust. Kardin on lihtsa ja ajatu disainiga. T\u00e4nu metallist konksudele saab kardinaid h\u00f5lpsalt kardinapuule riputada. Seemisnahkse pinnaga kardinad on valmistatud esmaklassilisest pol\u00fcestermaterjalist ning need on masinpestavad. Komplekti kuulub kaks kardinat. Pange t\u00e4hele, et kardinapuu ei kuulu komplekti. V\u00e4rvus: antratsiithall Suurus: 140 [&hellip;]<\/p>\n","protected":false},"featured_media":21092,"comment_status":"open","ping_status":"open","template":"","meta":[],"product_brand":[],"product_cat":[842],"product_tag":[],"class_list":{"0":"post-21091","1":"product","2":"type-product","3":"status-publish","4":"has-post-thumbnail","6":"product_cat-kardinad","7":"product_shipping_class-vidaxl","8":"pa_varv-antratsiithall","10":"first","11":"outofstock","12":"sale","13":"taxable","14":"shipping-taxable","15":"purchasable","16":"product-type-simple"},"_links":{"self":[{"href":"https:\/\/blankpage.ee\/_ruumist-ruumi\/wp-json\/wp\/v2\/product\/21091","targetHints":{"allow":["GET"]}}],"collection":[{"href":"https:\/\/blankpage.ee\/_ruumist-ruumi\/wp-json\/wp\/v2\/product"}],"about":[{"href":"https:\/\/blankpage.ee\/_ruumist-ruumi\/wp-json\/wp\/v2\/types\/product"}],"replies":[{"embeddable":true,"href":"https:\/\/blankpage.ee\/_ruumist-ruumi\/wp-json\/wp\/v2\/comments?post=21091"}],"wp:featuredmedia":[{"embeddable":true,"href":"https:\/\/blankpage.ee\/_ruumist-ruumi\/wp-json\/wp\/v2\/media\/21092"}],"wp:attachment":[{"href":"https:\/\/blankpage.ee\/_ruumist-ruumi\/wp-json\/wp\/v2\/media?parent=21091"}],"wp:term":[{"taxonomy":"product_brand","embeddable":true,"href":"https:\/\/blankpage.ee\/_ruumist-ruumi\/wp-json\/wp\/v2\/product_brand?post=21091"},{"taxonomy":"product_cat","embeddable":true,"href":"https:\/\/blankpage.ee\/_ruumist-ruumi\/wp-json\/wp\/v2\/product_cat?post=21091"},{"taxonomy":"product_tag","embeddable":true,"href":"https:\/\/blankpage.ee\/_ruumist-ruumi\/wp-json\/wp\/v2\/product_tag?post=21091"}],"curies":[{"name":"wp","href":"https:\/\/api.w.org\/{rel}","templated":true}]}}