{"id":233660,"date":"2025-06-04T11:14:20","date_gmt":"2025-06-04T11:14:20","guid":{"rendered":"https:\/\/ruumistruumi.ee\/pood\/parma-ummargune-valimooblikomplekt-hall-puitplastkomposiidist-laud-ja-valgete-alumiiniumraamidega-toolid-gr18331\/"},"modified":"2025-08-14T21:53:05","modified_gmt":"2025-08-14T21:53:05","slug":"parma-ummargune-valimooblikomplekt-hall-puitplastkomposiidist-laud-ja-valgete-alumiiniumraamidega-toolid-gr18331","status":"publish","type":"product","link":"https:\/\/blankpage.ee\/_ruumist-ruumi\/pood\/parma-ummargune-valimooblikomplekt-hall-puitplastkomposiidist-laud-ja-valgete-alumiiniumraamidega-toolid-gr18331\/","title":{"rendered":"Parma \u00fcmmargune v\u00e4lim\u00f6\u00f6blikomplekt, hall puitplastkomposiidist laud ja valgete alumiiniumraamidega toolid, GR18331"},"content":{"rendered":"<h3>Parma \u00fcmmargune v\u00e4lim\u00f6\u00f6bli komplekt \u2013 kaasaegne lahendus r\u00f5dule ja terrassile<\/h3>\n<p>Parma \u00fcmmargune v\u00e4lim\u00f6\u00f6bli komplekt on stiilne ja praktiline valik, mis sobib ideaalselt v\u00e4iksematele r\u00f5dudele v\u00f5i terrassidele. Komplekti kuulub <strong>\u00fcmmargune laud l\u00e4bim\u00f5\u00f5duga 90 cm<\/strong> ning kaks kokkupandavat s\u00f6\u00f6gitooli Copacabana. T\u00e4nu kergele kaalule ja nutikale disainile on k\u00f5ik komplekti osad lihtsalt teisaldatavad ja hoiustatavad. See \u00fcmmargune v\u00e4lim\u00f6\u00f6bli komplekt on suurep\u00e4rane valik ka piiratud ruumiga kohtadesse.<\/p>\n<h3>Materjalid ja disain<\/h3>\n<ul>\n<li><strong>Laua- ja tooliraamid:<\/strong> vastupidav valge alumiinium \u2013 tagab head korrosioonikindlust ja pika kasutusea ka v\u00e4litingimustes.<\/li>\n<li><strong>Lauaplaat:<\/strong> valmistatud hallist puitplastkomposiidist (<em>aintwood<\/em>), mis meenutab ilu poolest puitu, kuid on ilmastikukindel ning vajab minimaalselt hooldust.<\/li>\n<li><strong>Toolide istme- ja seljatugi:<\/strong> kaetud halli <strong>textilene<\/strong> v\u00f5rkriidega \u2013 vetth\u00fclgav, UV-kindel ning \u00f5hku l\u00e4bilaskev, mis tagab mugava istumise ka soojadel p\u00e4evadel.<\/li>\n<\/ul>\n<h3>\u00dcmmarguse v\u00e4lim\u00f6\u00f6bli komplekti peamised eelised<\/h3>\n<ul>\n<li><strong>Vastupidav alumiiniumraam<\/strong> \u2013 ei roosteta, sobib suurep\u00e4raselt Eesti ilmastikuoludesse.<\/li>\n<li><strong>Puitplastkomposiidist lauaplaat<\/strong> \u2013 ilmastikukindel, lihtsasti hooldatav ja vastupidav.<\/li>\n<li><strong>Kokkupandavad toolid<\/strong> \u2013 h\u00f5lpsasti hoiustatavad ja virnastatavad.<\/li>\n<li><strong>Mugav istumiskogemus<\/strong> \u2013 k\u00f5rge seljatugi ja hingav kate v\u00f5imaldavad nautida nii hommikukohvi kui ka \u00f5htus\u00f6\u00f6ki laua \u00e4\u00e4res.<\/li>\n<li><strong>Puhas ja p\u00f5hjamaine disain<\/strong> \u2013 valged raamid koos hallide pindaega loovad elegantse \u00fcldmulje, mis sobib igasse kaasaegsesse v\u00e4lisruumi.<\/li>\n<\/ul>\n<h3>Tehnilised andmed<\/h3>\n<ul>\n<li><strong>Laua m\u00f5\u00f5dud:<\/strong> l\u00e4bim\u00f5\u00f5t 90 cm, k\u00f5rgus 74 cm<\/li>\n<li><strong>Tooli m\u00f5\u00f5dud:<\/strong> laius 56,5 cm, s\u00fcgavus 65 cm, k\u00f5rgus 110 cm<\/li>\n<li><strong>Peamised materjalid:<\/strong> alumiinium, puitplastkomposiit (WPC\/aintwood), textilene<\/li>\n<li><strong>V\u00e4rvus:<\/strong> laud halli plaadiga ja valge raamiga; toolid halli kattega ja valge raamiga<\/li>\n<li><strong>Br\u00e4nd:<\/strong> Venture Home<\/li>\n<li><strong>Kokku monteeritav:<\/strong> jah<\/li>\n<\/ul>\n<h3>Hooldusjuhised v\u00e4lim\u00f6\u00f6blikomplekti jaoks<\/h3>\n<p><strong>Puitplastkomposiit (aintwood):<\/strong> Tugev ja ilmastikukindel materjal, kuid tundlik v\u00e4ga k\u00f5rgete temperatuuride suhtes. V\u00e4ldi m\u00f6\u00f6bli paigutamist ventileerimata ja suletud klaaspindadele, kus temperatuur v\u00f5ib t\u00f5usta \u00fcle 60\u201370 \u00b0C. See v\u00f5ib p\u00f5hjustada materjali pehmenemist ja deformeerumist.<\/p>\n<p>Klaaspindade peegeldunud p\u00e4ikesevalgus v\u00f5ib puitplastkomposiidile j\u00e4tta p\u00f5letusj\u00e4lgi, eriti kui pinnale unustatakse klaasesemeid. Kasuta alati alusn\u00f5usid ja eemalda kasutamata klaasid pinna pealt.<\/p>\n<p>Puhastamiseks piisab niiskest lapist ja mahedast seebiveest. Eemalda tekkinud plekid koheselt ning hoia \u00f5lised ained pinnast eemal, et v\u00e4ltida kahjustusi.<\/p>\n<p>Soovitatav on m\u00f6\u00f6bel katta kaitsekattega, kui see ei ole kasutusel, et v\u00e4ltida mustuse ja v\u00e4rvimuutuste teket. Talveperioodil hoiusta komplekti kuivas ja jahedas ruumis.<\/p>\n","protected":false},"excerpt":{"rendered":"<p>Parma \u00fcmmargune v\u00e4lim\u00f6\u00f6bli komplekt \u2013 kaasaegne lahendus r\u00f5dule ja terrassile Parma \u00fcmmargune v\u00e4lim\u00f6\u00f6bli komplekt on stiilne ja praktiline valik, mis sobib ideaalselt v\u00e4iksematele r\u00f5dudele v\u00f5i terrassidele. Komplekti kuulub \u00fcmmargune laud l\u00e4bim\u00f5\u00f5duga 90 cm ning kaks kokkupandavat s\u00f6\u00f6gitooli Copacabana. T\u00e4nu kergele kaalule ja nutikale disainile on k\u00f5ik komplekti osad lihtsalt teisaldatavad ja hoiustatavad. See \u00fcmmargune v\u00e4lim\u00f6\u00f6bli [&hellip;]<\/p>\n","protected":false},"featured_media":233652,"comment_status":"open","ping_status":"closed","template":"","meta":[],"product_brand":[1818],"product_cat":[1781],"product_tag":[],"class_list":{"0":"post-233660","1":"product","2":"type-product","3":"status-publish","4":"has-post-thumbnail","6":"product_brand-venture-design","7":"product_cat-aia-soogilaua-komplektid","8":"product_shipping_class-venture-design","9":"pa_kollektsioon-copacabana","10":"pa_kollektsioon-parma","11":"pa_laua-diameeter-4072","12":"pa_laua-korgus-1193","13":"pa_laua-materjal-alumiinium","14":"pa_laua-materjal-puitplastkomposiit","15":"pa_laua-tasapinna-materjal-puitplastkomposiit","16":"pa_laua-tasapinna-varvus-valge","17":"pa_laua-varv-hall","18":"pa_laua-varv-valge","19":"pa_materjal-alumiinium","20":"pa_materjal-puitplastkomposiit","21":"pa_materjal-textilene","22":"pa_mootmed-laud-90-tool-65x110x565","23":"pa_tooli-materjal-alumiinium","24":"pa_tooli-materjal-textilene","25":"pa_tooli-varv-hall","26":"pa_tooli-varv-valge","28":"first","29":"instock","30":"sale","31":"taxable","32":"shipping-taxable","33":"purchasable","34":"product-type-simple"},"_links":{"self":[{"href":"https:\/\/blankpage.ee\/_ruumist-ruumi\/wp-json\/wp\/v2\/product\/233660","targetHints":{"allow":["GET"]}}],"collection":[{"href":"https:\/\/blankpage.ee\/_ruumist-ruumi\/wp-json\/wp\/v2\/product"}],"about":[{"href":"https:\/\/blankpage.ee\/_ruumist-ruumi\/wp-json\/wp\/v2\/types\/product"}],"replies":[{"embeddable":true,"href":"https:\/\/blankpage.ee\/_ruumist-ruumi\/wp-json\/wp\/v2\/comments?post=233660"}],"wp:featuredmedia":[{"embeddable":true,"href":"https:\/\/blankpage.ee\/_ruumist-ruumi\/wp-json\/wp\/v2\/media\/233652"}],"wp:attachment":[{"href":"https:\/\/blankpage.ee\/_ruumist-ruumi\/wp-json\/wp\/v2\/media?parent=233660"}],"wp:term":[{"taxonomy":"product_brand","embeddable":true,"href":"https:\/\/blankpage.ee\/_ruumist-ruumi\/wp-json\/wp\/v2\/product_brand?post=233660"},{"taxonomy":"product_cat","embeddable":true,"href":"https:\/\/blankpage.ee\/_ruumist-ruumi\/wp-json\/wp\/v2\/product_cat?post=233660"},{"taxonomy":"product_tag","embeddable":true,"href":"https:\/\/blankpage.ee\/_ruumist-ruumi\/wp-json\/wp\/v2\/product_tag?post=233660"}],"curies":[{"name":"wp","href":"https:\/\/api.w.org\/{rel}","templated":true}]}}