{"id":4597,"date":"2024-11-01T08:48:53","date_gmt":"2024-11-01T08:48:53","guid":{"rendered":"https:\/\/ruumistruumi.ee\/pood\/helepruun-kummut-merano-me040-paulownia-puidust\/"},"modified":"2025-06-17T08:56:22","modified_gmt":"2025-06-17T08:56:22","slug":"helepruun-kummut-merano-me040-lehtpuu-puidust","status":"publish","type":"product","link":"https:\/\/blankpage.ee\/_ruumist-ruumi\/pood\/helepruun-kummut-merano-me040-lehtpuu-puidust\/","title":{"rendered":"Helepruun kummut Merano ME040, lehtpuu puidust"},"content":{"rendered":"<p>Merano ME040 sahtlikapp elutuppa. See elegantne helepruun sahtlikapp on paigaldatud kaarjatele jalgadele, lisades teie elutuppa rafineeritud stiili. Valmistatud harjatud ja pleegitatud Paulownia puidust ning MDF-ist, kapi pind on kaunistatud kulumisj\u00e4lgede, nikerduste ja dekoratiivsete metallist k\u00e4epidemetega, mis annavad sellele unikaalse ja ajatu v\u00e4limuse.<\/p>\n<p>Merano kollektsiooni kuuluv sahtlikapp on mitte ainult kaunis, vaid ka praktiline, pakkudes piisavalt hoiuruumi teie elutoa tarvikute jaoks. Selle kompaktne suurus v\u00f5imaldab seda h\u00f5lpsasti paigutada erinevatesse kohtadesse, ilma et see ruumi \u00fcle koormaks. Kapi metallist k\u00e4epidemed lisavad sellele elegantset viimistlust ja on \u00fchtlasi vastupidavad ning praktilised.<\/p>\n<p>Omadused:<br \/>\n<strong>Materjal:<\/strong> Paulownia puit ja MDF.<br \/>\n<strong>V\u00e4rv:<\/strong> Hele pruun.<br \/>\n<strong>M\u00f5\u00f5tmed:<\/strong> Laius 80 cm, s\u00fcgavus 40 cm, k\u00f5rgus 78 cm.<br \/>\n<strong>T\u00e4iendavad detailid:<\/strong> K\u00e4sitsi v\u00e4rvitud viimistlus ja dekoratiivsed metallist k\u00e4epidemed.<br \/>\n<strong>Kokkupanek:<\/strong> Kokkupandud, ei vaja paigaldust. S\u00e4\u00e4stab aega ja vaeva.<\/p>\n<p>&nbsp;<\/p>\n","protected":false},"excerpt":{"rendered":"<p>Merano ME040 sahtlikapp elutuppa. See elegantne helepruun sahtlikapp on paigaldatud kaarjatele jalgadele, lisades teie elutuppa rafineeritud stiili. Valmistatud harjatud ja pleegitatud Paulownia puidust ning MDF-ist, kapi pind on kaunistatud kulumisj\u00e4lgede, nikerduste ja dekoratiivsete metallist k\u00e4epidemetega, mis annavad sellele unikaalse ja ajatu v\u00e4limuse. Merano kollektsiooni kuuluv sahtlikapp on mitte ainult kaunis, vaid ka praktiline, pakkudes piisavalt [&hellip;]<\/p>\n","protected":false},"featured_media":4598,"comment_status":"open","ping_status":"closed","template":"","meta":[],"product_brand":[],"product_cat":[81],"product_tag":[],"class_list":{"0":"post-4597","1":"product","2":"type-product","3":"status-publish","4":"has-post-thumbnail","6":"product_cat-kapid-riiulid-ja-kummutid","7":"product_shipping_class-livin-hill","8":"pa_kaepidemed-metall","9":"pa_kollektsioon-merano","10":"pa_materjal-paulownia-puit","11":"pa_sahtlite-arv-74","12":"pa_varv-helepruun","14":"first","15":"outofstock","16":"sale","17":"taxable","18":"shipping-taxable","19":"purchasable","20":"product-type-simple"},"_links":{"self":[{"href":"https:\/\/blankpage.ee\/_ruumist-ruumi\/wp-json\/wp\/v2\/product\/4597","targetHints":{"allow":["GET"]}}],"collection":[{"href":"https:\/\/blankpage.ee\/_ruumist-ruumi\/wp-json\/wp\/v2\/product"}],"about":[{"href":"https:\/\/blankpage.ee\/_ruumist-ruumi\/wp-json\/wp\/v2\/types\/product"}],"replies":[{"embeddable":true,"href":"https:\/\/blankpage.ee\/_ruumist-ruumi\/wp-json\/wp\/v2\/comments?post=4597"}],"wp:featuredmedia":[{"embeddable":true,"href":"https:\/\/blankpage.ee\/_ruumist-ruumi\/wp-json\/wp\/v2\/media\/4598"}],"wp:attachment":[{"href":"https:\/\/blankpage.ee\/_ruumist-ruumi\/wp-json\/wp\/v2\/media?parent=4597"}],"wp:term":[{"taxonomy":"product_brand","embeddable":true,"href":"https:\/\/blankpage.ee\/_ruumist-ruumi\/wp-json\/wp\/v2\/product_brand?post=4597"},{"taxonomy":"product_cat","embeddable":true,"href":"https:\/\/blankpage.ee\/_ruumist-ruumi\/wp-json\/wp\/v2\/product_cat?post=4597"},{"taxonomy":"product_tag","embeddable":true,"href":"https:\/\/blankpage.ee\/_ruumist-ruumi\/wp-json\/wp\/v2\/product_tag?post=4597"}],"curies":[{"name":"wp","href":"https:\/\/api.w.org\/{rel}","templated":true}]}}