{"id":4937,"date":"2024-11-01T09:30:56","date_gmt":"2024-11-01T09:30:56","guid":{"rendered":"https:\/\/ruumistruumi.ee\/pood\/valge-vitriinkapp-ravenna-ra05-paulownia-puidust\/"},"modified":"2025-04-10T11:56:54","modified_gmt":"2025-04-10T11:56:54","slug":"valge-vitriinkapp-ravenna-ra05-paulownia-puidust","status":"publish","type":"product","link":"https:\/\/blankpage.ee\/_ruumist-ruumi\/pood\/valge-vitriinkapp-ravenna-ra05-paulownia-puidust\/","title":{"rendered":"Valge vitriinkapp Ravenna RA05, lehtpuu puidust"},"content":{"rendered":"<p>Ravenna RA05 vitriinkapp elutuppa. See elegantne vitriinkapp on inspireeritud Provence&#8217;i stiilist, tuues teie elutuppa \u00f5rna valge tooni ja tumeda pruuni \u00fclemise \u00e4\u00e4rega. Kapi metallist k\u00e4epidemed ja rullitud jalad lisavad sellele ajatut v\u00f5lu ja praktilisust.<\/p>\n<p>Ravenna kollektsiooni kuuluv vitriinkapp on valmistatud kvaliteetsest Paulownia puidust ja MDF-ist, mis tagab vastupidavuse ja pika eluea. Kapp on varustatud \u00fche ukse ja kahe riiuliga, pakkudes piisavalt ruumi teie lemmikdekoratsioonide v\u00f5i raamatute jaoks. Kapi osaline kokkupanek t\u00e4hendab, et see ei vaja paigaldust, s\u00e4\u00e4stes teie aega ja vaeva.<\/p>\n<p>Omadused:<br \/>\n<strong>Materjal:<\/strong> Paulownia puit ja MDF.<br \/>\n<strong>V\u00e4rv:<\/strong> Valge, tumepruun \u00fclemine serv.<br \/>\n<strong>M\u00f5\u00f5tmed:<\/strong> Laius 48 cm, s\u00fcgavus 35 cm, k\u00f5rgus 160 cm.<br \/>\n<strong>T\u00e4iendavad detailid:<\/strong> Metallist k\u00e4epidemed ja jalad.<br \/>\n<strong>Kokkupanek:<\/strong> Osaliselt kokku pandud, ei vaja paigaldust. S\u00e4\u00e4stab aega ja vaeva.<\/p>\n<p>&nbsp;<\/p>\n","protected":false},"excerpt":{"rendered":"<p>Ravenna RA05 vitriinkapp elutuppa. See elegantne vitriinkapp on inspireeritud Provence&#8217;i stiilist, tuues teie elutuppa \u00f5rna valge tooni ja tumeda pruuni \u00fclemise \u00e4\u00e4rega. Kapi metallist k\u00e4epidemed ja rullitud jalad lisavad sellele ajatut v\u00f5lu ja praktilisust. Ravenna kollektsiooni kuuluv vitriinkapp on valmistatud kvaliteetsest Paulownia puidust ja MDF-ist, mis tagab vastupidavuse ja pika eluea. Kapp on varustatud \u00fche [&hellip;]<\/p>\n","protected":false},"featured_media":4938,"comment_status":"open","ping_status":"closed","template":"","meta":[],"product_brand":[],"product_cat":[73],"product_tag":[],"class_list":{"0":"post-4937","1":"product","2":"type-product","3":"status-publish","4":"has-post-thumbnail","6":"product_cat-vitriinkapid","7":"product_shipping_class-livin-hill","8":"pa_kaepidemed-metall","9":"pa_kollektsioon-ravenna","10":"pa_materjal-paulownia-puit","11":"pa_riiulite-arv-76","12":"pa_sahtlite-arv-87","13":"pa_uste-arv-88","14":"pa_varv-valge","16":"first","17":"outofstock","18":"sale","19":"taxable","20":"shipping-taxable","21":"purchasable","22":"product-type-simple"},"_links":{"self":[{"href":"https:\/\/blankpage.ee\/_ruumist-ruumi\/wp-json\/wp\/v2\/product\/4937","targetHints":{"allow":["GET"]}}],"collection":[{"href":"https:\/\/blankpage.ee\/_ruumist-ruumi\/wp-json\/wp\/v2\/product"}],"about":[{"href":"https:\/\/blankpage.ee\/_ruumist-ruumi\/wp-json\/wp\/v2\/types\/product"}],"replies":[{"embeddable":true,"href":"https:\/\/blankpage.ee\/_ruumist-ruumi\/wp-json\/wp\/v2\/comments?post=4937"}],"wp:featuredmedia":[{"embeddable":true,"href":"https:\/\/blankpage.ee\/_ruumist-ruumi\/wp-json\/wp\/v2\/media\/4938"}],"wp:attachment":[{"href":"https:\/\/blankpage.ee\/_ruumist-ruumi\/wp-json\/wp\/v2\/media?parent=4937"}],"wp:term":[{"taxonomy":"product_brand","embeddable":true,"href":"https:\/\/blankpage.ee\/_ruumist-ruumi\/wp-json\/wp\/v2\/product_brand?post=4937"},{"taxonomy":"product_cat","embeddable":true,"href":"https:\/\/blankpage.ee\/_ruumist-ruumi\/wp-json\/wp\/v2\/product_cat?post=4937"},{"taxonomy":"product_tag","embeddable":true,"href":"https:\/\/blankpage.ee\/_ruumist-ruumi\/wp-json\/wp\/v2\/product_tag?post=4937"}],"curies":[{"name":"wp","href":"https:\/\/api.w.org\/{rel}","templated":true}]}}