{"id":8586,"date":"2024-11-01T15:09:20","date_gmt":"2024-11-01T15:09:20","guid":{"rendered":"https:\/\/ruumistruumi.ee\/pood\/helehall-tv-alus-stilig-st382-metallist-jalad-mdf-jalgu-ja-klaas\/"},"modified":"2025-04-10T11:58:32","modified_gmt":"2025-04-10T11:58:32","slug":"helehall-tv-alus-stilig-st382-metallist-jalad-mdf-jalgu-ja-klaas","status":"publish","type":"product","link":"https:\/\/blankpage.ee\/_ruumist-ruumi\/pood\/helehall-tv-alus-stilig-st382-metallist-jalad-mdf-jalgu-ja-klaas\/","title":{"rendered":"Helehall TV-alus Stilig ST382, metallist jalad"},"content":{"rendered":"<p>Stilig ST382 TV-alus elutuppa. See stiilne helehall TV-alus on varustatud klaasustega, mis on naturaalse puidu v\u00e4rvi. Sooneline klaas t\u00e4iendab suurep\u00e4raselt kapi soonelist puidust korpust, luues harmoonilise ja elegantse v\u00e4limuse.<\/p>\n<p>Stilig kollektsiooni ST382 TV-alus \u00fchendab endas modernse disaini ja praktilisuse. Nelja uksega kapi sees on kaks riiulit, mis pakuvad piisavalt hoiuruumi. Milled k\u00e4epidemed lisavad kapi esik\u00fcljele peenetundelist esteetikat, samas kui pehme sulgumise mehhanism tagab sujuva ja vaikse kasutamise. Reguleeritavad jalad v\u00f5imaldavad aluse stabiilsust ka eba\u00fchtlasel p\u00f5randal.<\/p>\n<p>Omadused:<br \/>\n<strong>Materjal:<\/strong> Metallist jalad, MDF koos jalaka spooniga, klaas.<br \/>\n<strong>V\u00e4rv:<\/strong> Helehall, hele puidu tooniga uksed, mustad jalad.<br \/>\n<strong>M\u00f5\u00f5tmed:<\/strong> Laius 200 cm, s\u00fcgavus 40 cm, k\u00f5rgus 60 cm.<br \/>\n<strong>T\u00e4iendavad detailid:<\/strong> Soonelised klaasuksed; sooneline puit; reguleeritav sisemine riiul; pehme sulgumine; reguleeritavad jalad.<br \/>\n<strong>Kokkupanek:<\/strong> Osaliselt kokku pandud, ei vaja paigaldust. S\u00e4\u00e4stab aega ja vaeva.<\/p>\n<p>&nbsp;<\/p>\n","protected":false},"excerpt":{"rendered":"<p>Stilig ST382 TV-alus elutuppa. See stiilne helehall TV-alus on varustatud klaasustega, mis on naturaalse puidu v\u00e4rvi. Sooneline klaas t\u00e4iendab suurep\u00e4raselt kapi soonelist puidust korpust, luues harmoonilise ja elegantse v\u00e4limuse. Stilig kollektsiooni ST382 TV-alus \u00fchendab endas modernse disaini ja praktilisuse. Nelja uksega kapi sees on kaks riiulit, mis pakuvad piisavalt hoiuruumi. Milled k\u00e4epidemed lisavad kapi esik\u00fcljele [&hellip;]<\/p>\n","protected":false},"featured_media":8587,"comment_status":"open","ping_status":"closed","template":"","meta":[],"product_brand":[],"product_cat":[85],"product_tag":[],"class_list":{"0":"post-8586","1":"product","2":"type-product","3":"status-publish","4":"has-post-thumbnail","6":"product_cat-tv-alused","7":"product_shipping_class-livin-hill","8":"pa_kaepidemed-freesitud-kaepidemed","9":"pa_kollektsioon-stilig","10":"pa_materjal-metall-mdf-klaas","11":"pa_riiulite-arv-76","12":"pa_uste-arv-75","13":"pa_varv-helehall","15":"first","16":"instock","17":"sale","18":"taxable","19":"shipping-taxable","20":"purchasable","21":"product-type-simple"},"_links":{"self":[{"href":"https:\/\/blankpage.ee\/_ruumist-ruumi\/wp-json\/wp\/v2\/product\/8586","targetHints":{"allow":["GET"]}}],"collection":[{"href":"https:\/\/blankpage.ee\/_ruumist-ruumi\/wp-json\/wp\/v2\/product"}],"about":[{"href":"https:\/\/blankpage.ee\/_ruumist-ruumi\/wp-json\/wp\/v2\/types\/product"}],"replies":[{"embeddable":true,"href":"https:\/\/blankpage.ee\/_ruumist-ruumi\/wp-json\/wp\/v2\/comments?post=8586"}],"wp:featuredmedia":[{"embeddable":true,"href":"https:\/\/blankpage.ee\/_ruumist-ruumi\/wp-json\/wp\/v2\/media\/8587"}],"wp:attachment":[{"href":"https:\/\/blankpage.ee\/_ruumist-ruumi\/wp-json\/wp\/v2\/media?parent=8586"}],"wp:term":[{"taxonomy":"product_brand","embeddable":true,"href":"https:\/\/blankpage.ee\/_ruumist-ruumi\/wp-json\/wp\/v2\/product_brand?post=8586"},{"taxonomy":"product_cat","embeddable":true,"href":"https:\/\/blankpage.ee\/_ruumist-ruumi\/wp-json\/wp\/v2\/product_cat?post=8586"},{"taxonomy":"product_tag","embeddable":true,"href":"https:\/\/blankpage.ee\/_ruumist-ruumi\/wp-json\/wp\/v2\/product_tag?post=8586"}],"curies":[{"name":"wp","href":"https:\/\/api.w.org\/{rel}","templated":true}]}}