{"id":93462,"date":"2025-01-21T10:53:51","date_gmt":"2025-01-21T10:53:51","guid":{"rendered":"https:\/\/ruumistruumi.ee\/pood\/musta-liivakarva-elementidega-aktsentlaud-avola-av1730-28b-ehtsast-kovast-merekarbist\/"},"modified":"2025-04-10T11:57:23","modified_gmt":"2025-04-10T11:57:23","slug":"liivakarva-elementidega-lisalaud-avola-av1730-28b-ehtsad-merekarbid","status":"publish","type":"product","link":"https:\/\/blankpage.ee\/_ruumist-ruumi\/pood\/liivakarva-elementidega-lisalaud-avola-av1730-28b-ehtsad-merekarbid\/","title":{"rendered":"Liivakarva elementidega lisalaud Avola AV1730-28B, ehtsad merekarbid"},"content":{"rendered":"<p>Avola AV1730-28B aktsentlaud elutuppa. See ainulaadne k\u00fclglaud on valmistatud ehtsast merekarbist, mille mustrid on k\u00e4sitsi peale kantud. See eriline laud lisab igale interj\u00f6\u00f6rile isikup\u00e4ra ja stiili, olles ideaalne valik neile, kes hindavad luksuslikku ja loodusl\u00e4hedast disaini.<\/p>\n<p>Avola kollektsiooni kuuluv aktsentlaud on t\u00f5eline pilgup\u00fc\u00fcdja, mille musta ja liivakarva elementidest koosnev v\u00e4rvigamma loob elegantse ja kaasaegse ilme. Laua m\u00f5\u00f5tmed on kompaktsed, olles 40,5 cm lai, 40,5 cm s\u00fcgav ja 46 cm k\u00f5rge, mis teeb sellest ideaalse valiku v\u00e4iksematesse ruumidesse v\u00f5i t\u00e4ienduseks suuremale m\u00f6\u00f6blile.<\/p>\n<p>Omadused:<br \/>\n<strong>Materjal:<\/strong> Ehtne merekarp.<br \/>\n<strong>V\u00e4rv:<\/strong> Must liivakarva elementidega.<br \/>\n<strong>M\u00f5\u00f5tmed:<\/strong> Laius 40,5 cm, s\u00fcgavus 40,5 cm, k\u00f5rgus 46 cm.<br \/>\n<strong>T\u00e4iendavad detailid:<\/strong> K\u00e4sitsi kantud mustrid, mis annavad igale lauale unikaalse v\u00e4limuse.<br \/>\n<strong>Kokkupanek:<\/strong> Kokkupandud, ei vaja paigaldust. S\u00e4\u00e4stab aega ja vaeva.<\/p>\n<p>&nbsp;<\/p>\n","protected":false},"excerpt":{"rendered":"<p>Avola AV1730-28B aktsentlaud elutuppa. See ainulaadne k\u00fclglaud on valmistatud ehtsast merekarbist, mille mustrid on k\u00e4sitsi peale kantud. See eriline laud lisab igale interj\u00f6\u00f6rile isikup\u00e4ra ja stiili, olles ideaalne valik neile, kes hindavad luksuslikku ja loodusl\u00e4hedast disaini. Avola kollektsiooni kuuluv aktsentlaud on t\u00f5eline pilgup\u00fc\u00fcdja, mille musta ja liivakarva elementidest koosnev v\u00e4rvigamma loob elegantse ja kaasaegse ilme. [&hellip;]<\/p>\n","protected":false},"featured_media":93463,"comment_status":"open","ping_status":"closed","template":"","meta":[],"product_brand":[],"product_cat":[145],"product_tag":[],"class_list":{"0":"post-93462","1":"product","2":"type-product","3":"status-publish","4":"has-post-thumbnail","6":"product_cat-lisalauad","7":"product_shipping_class-livin-hill","8":"pa_kollektsioon-avola","9":"pa_materjal-elevandiluu-karva","10":"pa_varv-beez","11":"pa_varv-must","13":"first","14":"instock","15":"taxable","16":"shipping-taxable","17":"purchasable","18":"product-type-simple"},"_links":{"self":[{"href":"https:\/\/blankpage.ee\/_ruumist-ruumi\/wp-json\/wp\/v2\/product\/93462","targetHints":{"allow":["GET"]}}],"collection":[{"href":"https:\/\/blankpage.ee\/_ruumist-ruumi\/wp-json\/wp\/v2\/product"}],"about":[{"href":"https:\/\/blankpage.ee\/_ruumist-ruumi\/wp-json\/wp\/v2\/types\/product"}],"replies":[{"embeddable":true,"href":"https:\/\/blankpage.ee\/_ruumist-ruumi\/wp-json\/wp\/v2\/comments?post=93462"}],"wp:featuredmedia":[{"embeddable":true,"href":"https:\/\/blankpage.ee\/_ruumist-ruumi\/wp-json\/wp\/v2\/media\/93463"}],"wp:attachment":[{"href":"https:\/\/blankpage.ee\/_ruumist-ruumi\/wp-json\/wp\/v2\/media?parent=93462"}],"wp:term":[{"taxonomy":"product_brand","embeddable":true,"href":"https:\/\/blankpage.ee\/_ruumist-ruumi\/wp-json\/wp\/v2\/product_brand?post=93462"},{"taxonomy":"product_cat","embeddable":true,"href":"https:\/\/blankpage.ee\/_ruumist-ruumi\/wp-json\/wp\/v2\/product_cat?post=93462"},{"taxonomy":"product_tag","embeddable":true,"href":"https:\/\/blankpage.ee\/_ruumist-ruumi\/wp-json\/wp\/v2\/product_tag?post=93462"}],"curies":[{"name":"wp","href":"https:\/\/api.w.org\/{rel}","templated":true}]}}